{"id":1098,"date":"2016-01-11T16:25:30","date_gmt":"2016-01-11T21:25:30","guid":{"rendered":"http:\/\/foodculture.hybrid.concordia.ca\/?page_id=1098"},"modified":"2022-10-22T10:26:52","modified_gmt":"2022-10-22T14:26:52","slug":"people","status":"publish","type":"page","link":"https:\/\/foodstudies.concordia.ca\/?page_id=1098","title":{"rendered":"Meet the Members of Concordia Food Studies"},"content":{"rendered":"<p>The Concordia Food Studies community includes faculty members, as well as a number of graduate students, spanning the faculties of Arts and Sciences, Fine Arts, Computer Science and Engineering, and the John Molson School of Business.<\/p>\n<p>Meet Concordia\u2019s Food Studies People!\u00a0<br \/>\nClick on the + sign on the professors&#8217; photos to see their profiles.\u00a0<\/p>\n<p>&nbsp;<\/p>\n<div id=\"sc_our_team\" class=\"grid sc-col3\">\r\n    <div class=\"clear\"><\/div>\r\n                <div itemscope itemtype=\"http:\/\/schema.org\/Person\" class=\"sc_team_member\">\r\n                <div class=\"sc_team_member_inner\">\r\n\r\n                    <img width=\"698\" height=\"1000\" src=\"https:\/\/foodstudies.concordia.ca\/wp-content\/uploads\/file-698x1000.jpeg\" class=\"attachment-medium size-medium wp-post-image\" alt=\"\" loading=\"lazy\" srcset=\"https:\/\/foodstudies.concordia.ca\/wp-content\/uploads\/file-698x1000.jpeg 698w, https:\/\/foodstudies.concordia.ca\/wp-content\/uploads\/file-768x1101.jpeg 768w, https:\/\/foodstudies.concordia.ca\/wp-content\/uploads\/file.jpeg 880w\" sizes=\"(max-width: 698px) 100vw, 698px\" \/>\r\n                                            <div itemprop=\"name\" class=\"sc_team_member_name\">\r\n                            <a href=\"https:\/\/foodstudies.concordia.ca\/?team_member=jordan-lebel\" rel=\"bookmark\" >                            \r\n                                Jordan LeBel                            <\/a>\r\n                        <\/div>\r\n                    \r\n                                            <div itemprop=\"jobtitle\" class=\"sc_team_member_jobtitle\">\r\n                            Co-director                        <\/div>\r\n                    \r\n                    <div class=\"sc_team_content\">\r\n                        <p>Professor, Marketing<br \/>\n3M National Teaching Fellow<\/p>\n<p>Dr. Jordan L. LeBel received his MSc from Cornell University and his PhD from McGill University and joined Concordia University in 2000. He teaches MARK 458: The Marketing of Food, as well as MBA 644: Marketing Management. He previously headed the Executive MBA program as well as the Luc Beauregard Centre of Excellence in Communications Research. He has developed many successful and award-winning courses including the\u00a0MBA elective course &#8220;Experience Design and Marketing&#8221; and the online course &#8220;Marketing Yourself&#8221; taken by over 20,000 between 2004 and 2017. \u00a0He is the recipient of the 2005 and 2010 best teacher award in the John Molson School of Business, the 2011 President&#8217;s Excellence in Teaching Award, the 2011 MBA Professor of the Year award and the 3M National Teaching Fellowship.<\/p>\n<p>His research focuses on hedonic and aesthetic consumption, especially as it relates to the definition of pleasure, its various dimensions, and its impact on decision making and behaviour in the areas of food choices and healthy eating and lifestyles. He has presented his work at various conferences such as Advances in Consumer Research, Marketing Science, The Pangborn Sensory Science Symposium, and the Canadian Institute of Food Technology. His research on comfort foods, and particularly chocolate, has been featured extensively in both broadcast and print media around the world. He is a regular commentator on food and restaurant marketing issues in the local and national media. Dr. LeBel actively supervises graduate students at the MSc and PhD levels. He is a founding member of the Concordia Food Culture Research Group. He regularly consults for large and small organizations in the food, foodservice, and retail industries. He has given keynote addresses to a variety of organizations such as C2MTL, the World Congress of Food Scientists, the Ordre professionnel des di\u00e9t\u00e9tistes du Qu\u00e9bec, and the Canadian Foodservice Professionals Association.<\/p>\n<p>Dr. LeBel started his career in professional kitchens at the age of 12 and has been a chef and a restaurant reviewer. He has taught at the School of Hotel Administration at Cornell University and lectured at the \u00c9cole H\u00f4tli\u00e8re de Lausanne in Switzerland. His vintage cookbook collection goes back to 1742.\u00a0Dr. LeBel is actively involved in various charities and non-profit organizations. He has been a member of the board of directors of YES Montreal, the Quebec Society of Public Relations Professionals, and Croquarium. He currently sits on the Scientific Committee for the Prevention of Obesity at the Institut national de sant\u00e9 publique.<\/p>\n                    <\/div>\r\n\r\n                    <div class='icons '>\r\n\r\n                        <a href=mailto:jordan.lebel@concordia.ca><img src=\"https:\/\/foodstudies.concordia.ca\/wp-content\/plugins\/our-team-enhanced\/inc\/img\/email.png\" class=\"sc-social\"\/><\/a>\r\n                    <\/div>\r\n\r\n                    <div class=\"sc_team_member_overlay\"><\/div>\r\n                    <div class=\"sc_team_more\">\r\n                        <a href=\"https:\/\/foodstudies.concordia.ca\/?team_member=jordan-lebel\" rel=\"bookmark\" class=\"\"> \r\n                            <img src=\"https:\/\/foodstudies.concordia.ca\/wp-content\/plugins\/our-team-enhanced\/inc\/img\/more.png\"\/>\r\n                        <\/a>\r\n                    <\/div>\r\n                <\/div>\r\n\r\n            <\/div>\r\n                        <div itemscope itemtype=\"http:\/\/schema.org\/Person\" class=\"sc_team_member\">\r\n                <div class=\"sc_team_member_inner\">\r\n\r\n                    <img width=\"592\" height=\"497\" src=\"https:\/\/foodstudies.concordia.ca\/wp-content\/uploads\/Screen-Shot-2016-10-26-at-11.49.00-AM.png\" class=\"attachment-medium size-medium wp-post-image\" alt=\"\" loading=\"lazy\" \/>\r\n                                            <div itemprop=\"name\" class=\"sc_team_member_name\">\r\n                            <a href=\"https:\/\/foodstudies.concordia.ca\/?team_member=anya-zilberstein\" rel=\"bookmark\" >                            \r\n                                Anya Zilberstein                            <\/a>\r\n                        <\/div>\r\n                    \r\n                                            <div itemprop=\"jobtitle\" class=\"sc_team_member_jobtitle\">\r\n                            Group member                        <\/div>\r\n                    \r\n                    <div class=\"sc_team_content\">\r\n                        <p>Associate Professor, History<\/p>\n<p class=\"p1\"><span class=\"s1\">In my second book project, I am investigating the political economy of food and the early food sciences. Fodder for Empire: Feeding People Like Other Animals examines the history of experiments with producing cheap, high-calorie food after the mid-eighteenth century, when the unprecedented expansion of Britain\u2019s colonial territories intensified the problem of food security, particularly for provisioning the working subjects and animals of the empire. I am especially interested in drawing on insights from animal history for making sense of why and how numerous eighteenth- and early-nineteenth-century reformers in North America and Europe routinely proposed feeding people of lowly status\u2014vagrants, paupers, prisoners, sailors, soldiers, the physically or mentally disabled, and orphans\u2014just as planters fed their slaves and provided fodder for their livestock. <\/span><\/p>\n<p class=\"p1\"><span class=\"s1\">Besides History 394: Food in History, which focuses on understanding the emergence and increasingly pervasive influence of the American model of food production and consumption\u00a0<\/span><span class=\"s1\">patterns, in History 395: Environment History, I teach about the geographical origins and commercialization of edible plants and domesticated animals raised for meat and milk in the sixteenth through eighteenth centuries, as well as the ecological consequences of their eventual globalization.<\/span><\/p>\n<p class=\"p1\"><img loading=\"lazy\" class=\"aligncenter wp-image-1565\" src=\"http:\/\/foodstudies.concordia.ca\/wp-content\/uploads\/diet-from-panopticon.jpg\" alt=\"diet-from-panopticon\" width=\"450\" height=\"398\" srcset=\"https:\/\/foodstudies.concordia.ca\/wp-content\/uploads\/diet-from-panopticon.jpg 844w, https:\/\/foodstudies.concordia.ca\/wp-content\/uploads\/diet-from-panopticon-768x679.jpg 768w\" sizes=\"(max-width: 450px) 100vw, 450px\" \/><\/p>\n<p class=\"p1\">Photo from Jeremy Bentham&#8217;s recommendations from the 1790s for what to feed criminals and paupers in British prisons and poorhouses<\/p>\n                    <\/div>\r\n\r\n                    <div class='icons '>\r\n\r\n                        <a href=mailto:Anya.Zilberstein@concordia.ca><img src=\"https:\/\/foodstudies.concordia.ca\/wp-content\/plugins\/our-team-enhanced\/inc\/img\/email.png\" class=\"sc-social\"\/><\/a>\r\n                    <\/div>\r\n\r\n                    <div class=\"sc_team_member_overlay\"><\/div>\r\n                    <div class=\"sc_team_more\">\r\n                        <a href=\"https:\/\/foodstudies.concordia.ca\/?team_member=anya-zilberstein\" rel=\"bookmark\" class=\"\"> \r\n                            <img src=\"https:\/\/foodstudies.concordia.ca\/wp-content\/plugins\/our-team-enhanced\/inc\/img\/more.png\"\/>\r\n                        <\/a>\r\n                    <\/div>\r\n                <\/div>\r\n\r\n            <\/div>\r\n                        <div itemscope itemtype=\"http:\/\/schema.org\/Person\" class=\"sc_team_member\">\r\n                <div class=\"sc_team_member_inner\">\r\n\r\n                    <img width=\"724\" height=\"1000\" src=\"https:\/\/foodstudies.concordia.ca\/wp-content\/uploads\/IMG_0962-724x1000.jpeg\" class=\"attachment-medium size-medium wp-post-image\" alt=\"\" loading=\"lazy\" srcset=\"https:\/\/foodstudies.concordia.ca\/wp-content\/uploads\/IMG_0962-724x1000.jpeg 724w, https:\/\/foodstudies.concordia.ca\/wp-content\/uploads\/IMG_0962-768x1061.jpeg 768w, https:\/\/foodstudies.concordia.ca\/wp-content\/uploads\/IMG_0962-1112x1536.jpeg 1112w, https:\/\/foodstudies.concordia.ca\/wp-content\/uploads\/IMG_0962.jpeg 1227w\" sizes=\"(max-width: 724px) 100vw, 724px\" \/>\r\n                                            <div itemprop=\"name\" class=\"sc_team_member_name\">\r\n                            <a href=\"https:\/\/foodstudies.concordia.ca\/?team_member=marie-eve-ducharme\" rel=\"bookmark\" >                            \r\n                                Marie-\u00c8ve Ducharme                            <\/a>\r\n                        <\/div>\r\n                    \r\n                                            <div itemprop=\"jobtitle\" class=\"sc_team_member_jobtitle\">\r\n                            Coordinator                        <\/div>\r\n                    \r\n                    <div class=\"sc_team_content\">\r\n                        <p>PhD candidate, INDI program (food studies)<\/p>\n<p>Marie-\u00c8ve is a student in the PhD INDI program at Concordia University. Her background in communication and marketing encouraged her to combine three disciplines for her doctoral studies which are administration (food studies), visual arts, and communications. Her research aims to study what is the effect of convenience (UberEats, meals in a box, etc.) of the attributes of food such as the pleasures of eating, buying local, the effect on producers and farmers, etc.\u00a0<\/p>\n                    <\/div>\r\n\r\n                    <div class='icons '>\r\n\r\n                        <a href=mailto:m_ducha@live.concordia.ca><img src=\"https:\/\/foodstudies.concordia.ca\/wp-content\/plugins\/our-team-enhanced\/inc\/img\/email.png\" class=\"sc-social\"\/><\/a>\r\n                    <\/div>\r\n\r\n                    <div class=\"sc_team_member_overlay\"><\/div>\r\n                    <div class=\"sc_team_more\">\r\n                        <a href=\"https:\/\/foodstudies.concordia.ca\/?team_member=marie-eve-ducharme\" rel=\"bookmark\" class=\"\"> \r\n                            <img src=\"https:\/\/foodstudies.concordia.ca\/wp-content\/plugins\/our-team-enhanced\/inc\/img\/more.png\"\/>\r\n                        <\/a>\r\n                    <\/div>\r\n                <\/div>\r\n\r\n            <\/div>\r\n                        <div itemscope itemtype=\"http:\/\/schema.org\/Person\" class=\"sc_team_member\">\r\n                <div class=\"sc_team_member_inner\">\r\n\r\n                    <img width=\"526\" height=\"496\" src=\"https:\/\/foodstudies.concordia.ca\/wp-content\/uploads\/Screen-Shot-2016-10-15-at-1.21.47-PM.png\" class=\"attachment-medium size-medium wp-post-image\" alt=\"\" loading=\"lazy\" \/>\r\n                                            <div itemprop=\"name\" class=\"sc_team_member_name\">\r\n                            <a href=\"https:\/\/foodstudies.concordia.ca\/?team_member=alan-nash\" rel=\"bookmark\" >                            \r\n                                Alan Nash                            <\/a>\r\n                        <\/div>\r\n                    \r\n                                            <div itemprop=\"jobtitle\" class=\"sc_team_member_jobtitle\">\r\n                            Group member                        <\/div>\r\n                    \r\n                    <div class=\"sc_team_content\">\r\n                        <p>Professor, Geography, Planning and Environment<\/p>\n<p>My research focusses on restaurants in Montreal. As a cultural geographer (with an interest in how different ideas of \u201cplace\u201d shape our lives), I have examined the city\u2019s evolving restaurant scene reflects patterns of immigration immigration various ideas of \u201cplace\u201d \u2013 whether it be the city where we live, or (if we are from where we come from \u2013 and how they affect our notions of public and private space.<\/p>\n<p class=\"p1\"><span class=\"s1\"> This academic year (2016-17), I am teaching GEOG 321 (\u201cA World of Food\u201d) and GEOG 473 (\u201cEnvironment and Heath\u201d).<span class=\"Apple-converted-space\">\u00a0 <\/span>Sadly, I am not teaching any other food-related courses this year!<\/span><\/p>\n<p class=\"p1\"><em>Publications<br \/>\n<\/em><span class=\"s2\"><b>Nash, A. <\/b>(2017: forthcoming). \u201cBreach, Bridgehead or Trojan Horse? An Exploration of the role of food trucks in Montreal\u2019s changing foodscape\u201d. (In) <i>From Loncheros to Lobsta Love: Food Trucks, Cultural Identity, and Social Justice<\/i>. Agyeman, Julian, Caitlin Matthews and Hannah Sobel (eds) MIT Press (Boston) <\/span><\/p>\n<p class=\"p1\"><span class=\"s2\">Detolle, A., Jennings, R. and <b>Nash, A<\/b>. (2016). \u201cThe Bottle at the Centre of a Changing Foodscape: \u201cBring Your Own Wine\u201d in the Plateau-Mont-Royal, Montreal\u201d. (In) Anderson, C.R., Brady, J., and Levkoe, C.Z. (eds.), <i>Conversations in Food Studies<\/i>. University of Manitoba Press (Winnipeg), 148-167. <\/span><\/p>\n<p class=\"p1\"><span class=\"s2\"><b>Nash, A.<\/b> (2016). \u201cGreen Restaurants\u201d, in P.B. Thompson and D.M. Kaplan (eds.) <i>The Encyclopedia of Food and Agricultural Ethics<\/i>, Second Edition (Dodrecht: Springer 2016) Online: DOI 10.1007\/978-94-007-6167-4_584.1<\/span><\/p>\n<p class=\"p1\"><span class=\"s2\"><b>Nash, A.<\/b> (2011). \u201cSmoke and Mirrors: Montreal\u2019s Smoked Meat\u201d. In <i>The Oxford Symposium on Food and Cookery:<span class=\"Apple-converted-space\">\u00a0 <\/span>Fermented, Smoked and Preserved Foods,<\/i> edited by Helen Saberi (Devon UK: Prospect Books)<\/span><\/p>\n<p class=\"p1\"><span class=\"s2\"><b>Nash. A.<\/b> (2010).<span class=\"Apple-converted-space\">\u00a0 <\/span>\u201cThe Impact of Restaurant Delivery on Montreal\u2019s Domestic Foodscapes, 1951-2009\u201d, <i>Material Culture Review <\/i>vol. 70, pp. 43-53<i>.<\/i> <\/span><\/p>\n<p class=\"p1\"><span class=\"s2\"><b>Nash, A.<\/b> (2009).<span class=\"Apple-converted-space\">\u00a0 <\/span>\u201c\u201cFrom Spaghetti to Sushi\u201d: An Investigation of the Growth of Ethnic Restaurants in Montreal, 1951-2001\u201d, <i>Food, Culture and Society<\/i> vol. 12(1), pp 5-24.<\/span><\/p>\n<p class=\"p1\">Photos from spice tasting competition is GEOG 321<\/p>\n<p class=\"p1\">\u00a0<\/p>\n\n        <div class=\"wp-tiles-container\">\n        \n            <div id=\"wp_tiles_1\" class=\"wp-tiles-grid wp-tiles-byline-align-bottom\">\n                        \n                <div class='wp-tiles-tile' id='tile-1552'>\n                \n                    <a href=\"https:\/\/foodstudies.concordia.ca\/?attachment_id=1552\" title=\"file-page1\">\n                \n                        <article class='wp-tiles-tile-with-image wp-tiles-tile-wrapper' itemscope itemtype=\"http:\/\/schema.org\/CreativeWork\">\n                        \n                            <div class='wp-tiles-tile-bg'>\n\n                                <img src='https:\/\/foodstudies.concordia.ca\/wp-content\/uploads\/file-page1-773x1000.jpg' class='wp-tiles-img' itemprop=\"image\" \/>\n\n                            <\/div>\n                                                \n                        <\/article>\n                \n                    <\/a>\n                \n                <\/div>\n            \n                <div class='wp-tiles-tile' id='tile-1553'>\n                \n                    <a href=\"https:\/\/foodstudies.concordia.ca\/?attachment_id=1553\" title=\"spice-tasting-geog-321-oct-2016\">\n                \n                        <article class='wp-tiles-tile-with-image wp-tiles-tile-wrapper' itemscope itemtype=\"http:\/\/schema.org\/CreativeWork\">\n                        \n                            <div class='wp-tiles-tile-bg'>\n\n                                <img src='https:\/\/foodstudies.concordia.ca\/wp-content\/uploads\/spice-tasting-GEOG-321-Oct-2016-563x1000.png' class='wp-tiles-img' itemprop=\"image\" \/>\n\n                            <\/div>\n                                                \n                        <\/article>\n                \n                    <\/a>\n                \n                <\/div>\n            \n                <div class='wp-tiles-tile' id='tile-1554'>\n                \n                    <a href=\"https:\/\/foodstudies.concordia.ca\/?attachment_id=1554\" title=\"criticalfoodstudies-posteroct-2016\">\n                \n                        <article class='wp-tiles-tile-with-image wp-tiles-tile-wrapper' itemscope itemtype=\"http:\/\/schema.org\/CreativeWork\">\n                        \n                            <div class='wp-tiles-tile-bg'>\n\n                                <img src='https:\/\/foodstudies.concordia.ca\/wp-content\/uploads\/CriticalFoodStudies-posterOct-2016-1-1-607x1000.jpg' class='wp-tiles-img' itemprop=\"image\" \/>\n\n                            <\/div>\n                                                \n                        <\/article>\n                \n                    <\/a>\n                \n                <\/div>\n            \n            <\/div>\n\n        <\/div>\n        \n                    <\/div>\r\n\r\n                    <div class='icons '>\r\n\r\n                        <a href=mailto:alan.nash@concordia.ca><img src=\"https:\/\/foodstudies.concordia.ca\/wp-content\/plugins\/our-team-enhanced\/inc\/img\/email.png\" class=\"sc-social\"\/><\/a>\r\n                    <\/div>\r\n\r\n                    <div class=\"sc_team_member_overlay\"><\/div>\r\n                    <div class=\"sc_team_more\">\r\n                        <a href=\"https:\/\/foodstudies.concordia.ca\/?team_member=alan-nash\" rel=\"bookmark\" class=\"\"> \r\n                            <img src=\"https:\/\/foodstudies.concordia.ca\/wp-content\/plugins\/our-team-enhanced\/inc\/img\/more.png\"\/>\r\n                        <\/a>\r\n                    <\/div>\r\n                <\/div>\r\n\r\n            <\/div>\r\n                        <div itemscope itemtype=\"http:\/\/schema.org\/Person\" class=\"sc_team_member\">\r\n                <div class=\"sc_team_member_inner\">\r\n\r\n                    <img width=\"578\" height=\"494\" src=\"https:\/\/foodstudies.concordia.ca\/wp-content\/uploads\/Screen-Shot-2016-10-25-at-2.19.46-PM.png\" class=\"attachment-medium size-medium wp-post-image\" alt=\"\" loading=\"lazy\" \/>\r\n                                            <div itemprop=\"name\" class=\"sc_team_member_name\">\r\n                            <a href=\"https:\/\/foodstudies.concordia.ca\/?team_member=norma-joseph-phd\" rel=\"bookmark\" >                            \r\n                                Norma Joseph                            <\/a>\r\n                        <\/div>\r\n                    \r\n                                            <div itemprop=\"jobtitle\" class=\"sc_team_member_jobtitle\">\r\n                            Group member                        <\/div>\r\n                    \r\n                    <div class=\"sc_team_content\">\r\n                        <p>Professor, Religion<\/p>\n<p class=\"p1\"><span class=\"s1\">I explore ethnic and religious community foodways as a means of locating communal identity, ritual practices, and social relationships.<\/span><\/p>\n<p class=\"p1\"><span class=\"s1\">My particular focus is a small community of Iraqi Jews in Montreal.<\/span><\/p>\n<p class=\"p1\"><span class=\"s1\">Beginning in the 1950&#8217;s over three hundred Jewish families from Iraq found their way to Montreal, Canada. This group of educated, mostly prosperous, English speaking immigrants managed to integrate quite smoothly into the socio-economic structure of Quebec. They also managed to maintain a very strong and coherent communal definition. Amidst an overwhelming Ashkenazi Jewish community and a growing Moroccan one, their struggle to maintain a unique Jewish identity raises many issues and locates diverse tactics.<\/span><\/p>\n<p class=\"p1\"><span class=\"s1\">My current work focuses on culinary and commensal practices as vehicles of ethnic distinction, continuity and innovation.<\/span><\/p>\n<p class=\"p1\"><span class=\"s1\">Arrival in Montreal created problems of isolation and assimilation. In their attempts to sustain and reconstruct their family patterns in a new country, Iraqi food became a central element of interaction, expertise and identity. New family traditions were slowly established such as Friday night Sabbath family dinners replacing the Baghdadi Saturday afternoon meal. Communal coherence shifted to informal dinners and ceremonial festivities. The people formed the Community of Babylonian Jews and associated with an Orthodox synagogue. Though no longer necessarily practicing all the rituals of their past, they were devoted to continuity and preservation. They were proud of their Iraqi heritage and customs but were struggling to find a new world pattern that would help them sustain their distinctiveness.<\/span><\/p>\n<p class=\"p1\"><span class=\"s1\">Food retained its place in their patterns of socialization and innovations aided the retention of a heritage.<\/span><\/p>\n<p class=\"p1\"><span class=\"s1\">Investigating the lives of Iraqi Jewish women in Montreal, led me to food as it appeared to be a uniquely suitable access to their experiences in Baghdad as well as in Canada.\u00a0 After a number of years,\u00a0 numerous interviews, group discussions, and ceremonial feasts, the study indicated that the men and women relate to each other, to their environment, and to their traditions via food. Surpassing stereotypical images, I found that while women are the primary food givers, Iraqi men were also involved in food preparation in their new home. For me food study became a principal site for the interrogation of the continuity and transformation of an immigrant community.<\/span><span class=\"s1\">\u00a0 \u00a0 \u00a0 \u00a0 \u00a0 \u00a0 \u00a0 \u00a0<\/span><\/p>\n<p class=\"p1\"><span class=\"s1\">Food is not merely what you do while you are celebrating or worshiping. It is at the ritual core of our ceremonies, even of our religious and national traditions. Food defines and reflects much of a community\u2019s self-understanding and experience.<\/span><\/p>\n<p class=\"p1\"><img loading=\"lazy\" class=\"aligncenter wp-image-1573\" src=\"http:\/\/foodstudies.concordia.ca\/wp-content\/uploads\/20151008_160411_resized-1000x563.jpg\" alt=\"20151008_160411_resized\" width=\"500\" height=\"281\" srcset=\"https:\/\/foodstudies.concordia.ca\/wp-content\/uploads\/20151008_160411_resized-1000x563.jpg 1000w, https:\/\/foodstudies.concordia.ca\/wp-content\/uploads\/20151008_160411_resized-768x432.jpg 768w, https:\/\/foodstudies.concordia.ca\/wp-content\/uploads\/20151008_160411_resized.jpg 1024w\" sizes=\"(max-width: 500px) 100vw, 500px\" \/><\/p>\n<p class=\"p1\" style=\"text-align: center;\"><span class=\"s1\">This is a picture with recipe of an Iraqi favoured desert known as orange Luzina. <\/span><\/p>\n<p class=\"p1\"><span class=\"s1\">Her food-related publications include:<\/span><\/p>\n<p class=\"p1\"><span class=\"s1\"><a href=\"http:\/\/foodstudies.concordia.ca\/wp-content\/uploads\/Chapter-excerpt.pdf\">This<\/a>\u00a0new chapter on Iraqi food to be published by MQUP<\/span><\/p>\n<p class=\"p1\"><span class=\"s1\"><i>Edited volumes<\/i><\/span><\/p>\n<p class=\"p2\"><span class=\"s1\">(2002) Guest editor. Special edition of <i>Nashim<\/i>, \u201cFeeding an Identity: Gender, Food, and Survival.\u201d Vol. 5, Summer. R<\/span><\/p>\n<p class=\"p1\"><span class=\"s1\"><i>Chapters in books, encyclopedia articles, journal articles<\/i><\/span><\/p>\n<p class=\"p2\"><span class=\"s1\">(forthcoming) \u201cCookbooks are our Texts:<\/span> <span class=\"s1\">reading an immigrant community through their cookbooks.\u201d Ann Valleley, editor, special edition on food in Religious Studies and Theology.<\/span><\/p>\n<p class=\"p2\"><span class=\"s1\">(forthcoming) \u201cFood, Gift, Women Gift-Givers: A Taste of Jewishness.\u201d <i>Women and the Gift: Volume 1 and 2<\/i>. Ed. Morny Joy. (Springer )\u00a0 2016.<\/span><\/p>\n<p class=\"p2\"><span class=\"s1\">(forthcoming) \u201cT\u2019beet: Situating Iraqi Jewish Identity through Food.\u201d McGill-Queens University Press, <i>Religious Lives and Landscapes in Quebec<\/i>, editor, Hillary Kael. 2016.<\/span><\/p>\n<p class=\"p2\"><span class=\"s1\">(2013) \u201cEmbodied Religion, Embodied Teaching: Team Teaching &#8220;Food and Religion.\u201d&#8221; <i>Religious Studies News, AAR<\/i>. Editor, Sarah Levine. Available on-line [Norma Baumel Joseph and Leslie C. Orr].<\/span><\/p>\n<p class=\"p2\"><span class=\"s1\">(2011) \u201cFrom Baghdad to Montreal: Food, Gender &amp; Identity.\u201d <i>Migration, Communication &amp; Home: Jewish Tradition, Change &amp; Gender in a Global World<\/i>. Ed. Tanya Reyton-Marinchesshka. Sofia: LIK Publishing House. 92\u2013104.<\/span><\/p>\n<p class=\"p2\"><span class=\"s1\">(2009) \u201cFood for the Body and Soul: Women\u2019s Blessings.\u201d <i>Blessings<\/i>. Ed. Loren Lerner. Canadian Jewish Studies Chapbook Series, No. 5. Montreal: Institute for Canadian Jewish Studies. 53\u201358.<\/span><\/p>\n<p class=\"p1\"><span class=\"s1\"><i>In preparation<\/i><\/span><\/p>\n<p class=\"p3\"><span class=\"s1\">(2016)\u00a0 \u201cSambusak Sundays: Iraqi Jewish Women in Montreal,\u201d in <i>Religion and Women in Diaspora: Canadian Experiences, <\/i>Edited by Sailaja Krishnamurti, Becky Lee, Terry Tak-ling Woo .<\/span><\/p>\n<p class=\"p3\"><span class=\"s1\">\u00a0<\/span><\/p>\n<p class=\"p1\"><span class=\"s1\"><i>Documentary presentations (film and DVD)<\/i><\/span><\/p>\n<p class=\"p2\"><span class=\"s1\">(2012)\u00a0 <i>Ashtideq!<\/i>, a film collage of interviews of Iraqi Jewish families and their food practices. SSHRC research product (Norma Joseph primary researcher and interviewer).<\/span><\/p>\n                    <\/div>\r\n\r\n                    <div class='icons '>\r\n\r\n                        <a href=mailto:Norma.Joseph@concordia.ca><img src=\"https:\/\/foodstudies.concordia.ca\/wp-content\/plugins\/our-team-enhanced\/inc\/img\/email.png\" class=\"sc-social\"\/><\/a>\r\n                    <\/div>\r\n\r\n                    <div class=\"sc_team_member_overlay\"><\/div>\r\n                    <div class=\"sc_team_more\">\r\n                        <a href=\"https:\/\/foodstudies.concordia.ca\/?team_member=norma-joseph-phd\" rel=\"bookmark\" class=\"\"> \r\n                            <img src=\"https:\/\/foodstudies.concordia.ca\/wp-content\/plugins\/our-team-enhanced\/inc\/img\/more.png\"\/>\r\n                        <\/a>\r\n                    <\/div>\r\n                <\/div>\r\n\r\n            <\/div>\r\n                        <div itemscope itemtype=\"http:\/\/schema.org\/Person\" class=\"sc_team_member\">\r\n                <div class=\"sc_team_member_inner\">\r\n\r\n                    <img width=\"320\" height=\"255\" src=\"https:\/\/foodstudies.concordia.ca\/wp-content\/uploads\/1473365244494.jpg\" class=\"attachment-medium size-medium wp-post-image\" alt=\"\" loading=\"lazy\" \/>\r\n                                            <div itemprop=\"name\" class=\"sc_team_member_name\">\r\n                            <a href=\"https:\/\/foodstudies.concordia.ca\/?team_member=sylvia-santosa\" rel=\"bookmark\" >                            \r\n                                Sylvia Santosa                            <\/a>\r\n                        <\/div>\r\n                    \r\n                                            <div itemprop=\"jobtitle\" class=\"sc_team_member_jobtitle\">\r\n                            Group member                        <\/div>\r\n                    \r\n                    <div class=\"sc_team_content\">\r\n                        <p>Associate Professor, Exercise Science<\/p>\n<p class=\"p1\"><span class=\"s1\">Dr. Santosa is an Associate Professor in the Department of Exercise Science at Concordia University and a Tier II Canada Research Chair in Clinical Nutrition. Dr. Santosa joined the Department of Exercise Science in January of 2011 following a 3.5 year research fellowship at the Mayo Clinic in Rochester, MN.\u00a0 She earned her Ph.D. in Nutritional Sciences from McGill University and completed her dietetic internship at the McGill University Health Centers. Dr. Santosa is a registered dietitian through her membership in the College of Dietitians of Ontario.\u00a0<\/span><\/p>\n<p class=\"p1\"><span class=\"s1\">Obesity\u2014both on an individual and a societal level\u2014is a concern for millions of Canadians. Despite existing public policy and weight loss treatments, more Canadians are clinically overweight than are not.<\/span><\/p>\n<p class=\"p1\"><span class=\"s1\">At the same time, health research has yet to fully understand exactly how obesity affects the progression or treatment of people suffering from weight-related diseases such as cardiovascular disease and diabetes. Obesity treatments themselves remain largely ineffective, as most people who lose weight eventually gain it back.<\/span><\/p>\n<p class=\"p1\"><span class=\"s1\">Dr. Sylvia Santosa studies the metabolic and cellular mechanisms surrounding how diseases develop among the overweight\u2014and why not all obese people develop weight-related illnesses. Her multidisciplinary research integrates elements from biology, physiology and nutritional science to study the effects of obesity that contribute to weight gain and disease.<\/span><\/p>\n<p class=\"p1\"><span class=\"s1\">Dr. Santosa\u2019s research will identify the long-term effects of obesity, from cells to the entire human body. The results of her work will help in developing better public health interventions, from disease prevention to weight management.<\/span><\/p>\n<p class=\"p1\">Her food-related publications include:<br \/>\n<span class=\"s1\">1.<\/span><span class=\"s2\">\u00a0\u00a0\u00a0\u00a0\u00a0 <\/span><span class=\"s1\"><i>Murphy J<\/i>, Moullec G, Santosa S. Factors associated with adipocyte size reduction after weight loss interventions for overweight and obesity: a systemic review and meta-regression. Metabolism. 2016: <i>revision requested.<\/i><\/span><\/p>\n<p class=\"p1\"><span class=\"s1\">2.<\/span><span class=\"s2\">\u00a0\u00a0\u00a0\u00a0\u00a0 <\/span><span class=\"s1\"><b>Santosa S<\/b>, Bonnes S, Jensen MD. Acute female hypogonadism alters adipose tissue fatty acid storage factors and chylomicronemia. Journal of Clinical Endocrinology and Metabolism. 2016:101;2089-98<i>.<\/i><\/span><\/p>\n<p class=\"p1\"><span class=\"s1\">3.<\/span><span class=\"s2\">\u00a0\u00a0\u00a0\u00a0\u00a0 <\/span><span class=\"s1\"><i>Yang SQ<\/i>, DeGuire JR, Agellon S, Lavery P, Mak I, Weiler HA, <b>Santosa S<\/b><\/span><span class=\"s3\"><b><sup>\u00a7<\/sup><\/b><\/span><span class=\"s1\"><b>.<\/b> <\/span><span class=\"s4\">Conjugated linoleic acid mitigates testosterone-related changes in body composition in male guinea pigs.<\/span><span class=\"s1\"> Nutrition Research. 2016:36;408-17.<\/span><\/p>\n<p class=\"p1\"><span class=\"s1\">4.<\/span><span class=\"s2\">\u00a0\u00a0\u00a0\u00a0\u00a0 <\/span><span class=\"s1\"><i>Dam V<\/i>, <i>Sikder T<\/i>, <b>Santosa S<\/b><\/span><span class=\"s3\"><b><sup>\u00a7<\/sup><\/b><\/span><span class=\"s1\"><b>.<i> <\/i><\/b>From Neutrophils to Macrophages: Differences in Regional Adipose Tissue Depots. Obesity Reviews. 2016:17;1-17<i>.<\/i><\/span><\/p>\n<p class=\"p1\"><span class=\"s1\">5.<\/span><span class=\"s2\">\u00a0\u00a0\u00a0\u00a0\u00a0 <\/span><span class=\"s1\"><b>Santosa S<\/b><\/span><span class=\"s3\"><b><sup>\u00a7<\/sup><\/b><\/span><span class=\"s1\">, Jensen MD. The sexual dimorphism of lipid kinetics in humans. Frontiers in Endocrinology. 2015: 6:103 (6 pages).<\/span><\/p>\n<p class=\"p1\"><span class=\"s1\">6.<\/span><span class=\"s2\">\u00a0\u00a0\u00a0\u00a0\u00a0 <\/span><span class=\"s1\">Hames KC, Koutsari C, <b>Santosa S<\/b>, Bush NC, Jensen MD. Adipose tissue fatty acid storage factors: effects of depot, sex and fat cell size. International Journal of Obesity. 2015:39;884-7.<\/span><\/p>\n<p class=\"p1\"><span class=\"s1\">7.<\/span><span class=\"s2\">\u00a0\u00a0\u00a0\u00a0\u00a0 <\/span><span class=\"s1\">Varady KA*, <i>Dam V<\/i>*, <i>Horne M<\/i>, <i>Cruz R<\/i>, Klempel MC, Kroeger CM, <b>Santosa S<\/b><\/span><span class=\"s3\"><b><sup>\u00a7<\/sup><\/b><\/span><span class=\"s1\">. Effects of weight loss via high fat vs low fat alternate day fasting diets on free fatty acid profiles. Scientific Reports. 2015:5;7561 (6 pages).<\/span><\/p>\n<p class=\"p1\"><span class=\"s1\">8.<\/span><span class=\"s2\">\u00a0\u00a0\u00a0\u00a0\u00a0 <\/span><span class=\"s1\"><b>Santosa S<\/b>, Swain J, Tchkonia T, Kirkland JL, Jensen MD. Inflammatory characteristics of adipose tissue collected by surgical excision vs. needle aspiration. International Journal of Obesity. 2015:39;874-6.<\/span><\/p>\n<p class=\"p1\"><span class=\"s1\">9.<\/span><span class=\"s2\">\u00a0\u00a0\u00a0\u00a0\u00a0 <\/span><span class=\"s1\"><b>Santosa S<\/b><\/span><span class=\"s3\"><b><sup>\u00a7<\/sup><\/b><\/span><span class=\"s1\">, Jensen MD. Sex and sex steroids: impact on the kinetics of fatty acids underlying body shape. Hormone Molecular Biology and Clinical Investigation. 2014:20;15-23.<\/span><\/p>\n<p class=\"p1\"><span class=\"s1\">10.<\/span><span class=\"s2\">\u00a0\u00a0 <\/span><span class=\"s1\">Du S, <i>Rajjo T<\/i>, <b>Santosa S<\/b>, Jensen MD. The thermic effect of food is reduced in older adults. Hormone and Metabolic Research. 2014:46;365-9.<\/span><\/p>\n<p class=\"p1\"><span class=\"s1\">11.<\/span><span class=\"s2\">\u00a0\u00a0 <\/span><span class=\"s1\"><b>Santosa S, <\/b>Jensen MD. Adipocyte Fatty Acid Storage Factors Enhance Subcutaneous Fat Storage in Postmenopausal Women. Diabetes. 2013:62;775-82.<\/span><\/p>\n<p class=\"p1\"><span class=\"s1\">12.<\/span><span class=\"s2\">\u00a0\u00a0 <\/span><span class=\"s1\"><b>Santosa S<\/b>, Jensen MD. Effect of Male Hypogonadism on Regional Adipose Tissue Fatty Acid Storage and Lipogenic Proteins. Public Library of Science One. 2012:7;e31473 (10 pages).<\/span><\/p>\n<p class=\"p1\"><span class=\"s1\">13.<\/span><span class=\"s2\">\u00a0\u00a0 <\/span><span class=\"s1\"><b>Santosa S<\/b>, Khosla S, McCready L, Jensen MD.\u00a0 Effects of estrogen and testosterone on resting energy expenditure in older men.\u00a0 Obesity.\u00a0 2010:18;2392-4.<\/span><\/p>\n<p class=\"p1\"><span class=\"s1\">14.<\/span><span class=\"s2\">\u00a0\u00a0 <\/span><span class=\"s1\">Barrow CJ, Nolan C, McCleod M, <b>Santosa S<\/b>, Holub BJ.\u00a0 Bioequivalence of encapsulated and microencapsulated fish-oil supplementation.\u00a0 Journal of Functional Foods.\u00a0 2009:1;38-43.<\/span><\/p>\n<p class=\"p1\"><span class=\"s1\">15.<\/span><span class=\"s2\">\u00a0\u00a0 <\/span><span class=\"s1\">Kassis AN, <b>Santosa S<\/b>, Jones PJH. Potential health claims on dietary fiber: How robust is the evidence? International Journal of Naturopathic Medicine. 2009:4;28-32.<\/span><\/p>\n<p class=\"p1\"><span class=\"s1\">16.<\/span><span class=\"s2\">\u00a0\u00a0 <\/span><span class=\"s1\"><b>Santosa S<\/b>, Hensrud DD, Votruba SB, Jensen MD.\u00a0 The influence of sex and obesity phenotype on meal fatty acid metabolism before and after weight loss.\u00a0 American Journal of Clinical Nutrition. 2008:88;1134-41.<\/span><\/p>\n<p class=\"p1\"><span class=\"s1\">17.<\/span><span class=\"s2\">\u00a0\u00a0 <\/span><span class=\"s1\"><b>Santosa S<\/b>, Jensen MD.\u00a0 Why are we shaped differently and why does it matter?.\u00a0 American Journal of Physiology, Endocrinology and Metabolism.\u00a0 2008: 295;E531-5.<\/span><\/p>\n<p class=\"p1\"><span class=\"s1\">18.<\/span><span class=\"s2\">\u00a0\u00a0 <\/span><span class=\"s1\"><b>Santosa S<\/b>, Demonty I, Lichtenstein AH, Jones PJH. Moderate weight loss: A self-directed protocol for women.\u00a0 Canadian Journal of Dietetic Practice and Research. 2008: 69;23-27.<\/span><\/p>\n<p class=\"p1\"><span class=\"s1\">19.<\/span><span class=\"s2\">\u00a0\u00a0 <\/span><span class=\"s1\"><b>Santosa S<\/b>, Demonty I, Lichtenstein AH, Ordovas JM, Jones PJH. Single nucleotide polymorphisms in ABCG5 and ABCG8 are associated with changes in cholesterol metabolism during weight loss.\u00a0 Journal of Lipid Research. 2007:48;2607-2613.<\/span><\/p>\n<p class=\"p1\"><span class=\"s1\">20.<\/span><span class=\"s2\">\u00a0\u00a0 <\/span><span class=\"s1\"><b>Santosa S<\/b>, Demonty I, Lichtenstein AH, Cianflone K, Jones PJH.\u00a0 An investigation of hormone and lipid associations after weight loss in women.\u00a0 Journal of the American College of Nutrition. 2007:26;250-258.<\/span><\/p>\n<p class=\"p1\"><span class=\"s1\">21.<\/span><span class=\"s2\">\u00a0\u00a0 <\/span><span class=\"s1\"><b>Santosa S<\/b>, Demonty I, Lichtenstein AH, Jones PJH. Cholesterol metabolism and body composition in women : the effects of moderate weight loss.\u00a0 International Journal of Obesity. 2007:31;933-941.<\/span><\/p>\n<p class=\"p1\"><span class=\"s1\">22.<\/span><span class=\"s2\">\u00a0\u00a0 <\/span><span class=\"s1\">Varady KA, <b>Santosa S<\/b>, Demonty I, Jones PJH. Validation of hand-held bioelectrical impedance analysis with magnetic resonance imaging for the assessment of body composition in overweight women.\u00a0 American Journal of Human Biology. 2007:19;429-433.<\/span><\/p>\n<p class=\"p1\"><span class=\"s1\">23.<\/span><span class=\"s2\">\u00a0\u00a0 <\/span><span class=\"s1\"><b>Santosa S<\/b>, Varady KA, AbumWeis S, Jones PJH.\u00a0 Physiological and therapeutic factors affecting cholesterol metabolism: does a reciprocal relationship between cholesterol absorption and synthesis really exist?. Life Science. 2007:80;505-514.<\/span><\/p>\n<p class=\"p1\"><span class=\"s1\">24.<\/span><span class=\"s2\">\u00a0\u00a0 <\/span><span class=\"s1\">Varady KA, Charest A, <b>Santosa S<\/b>, Demonty I, Lamarche B, Jones PJ. Effect of weight loss resulting from a combined low-fat diet\/exercise regimen on low-density lipoprotein particle size and distribution in obese women. Metabolism. 2006:55;1302-1307.<\/span><\/p>\n<p class=\"p1\"><span class=\"s1\">25.<\/span><span class=\"s2\">\u00a0\u00a0 <\/span><span class=\"s1\"><b>Santosa S<\/b>, Farnworth E, Jones PJH.\u00a0 Probiotics and their potential health claims.\u00a0 Nutrition Reviews. 2006:64;265-274.<\/span><\/p>\n<p class=\"p1\"><span class=\"s1\">26.<\/span><span class=\"s2\">\u00a0\u00a0 <\/span><span class=\"s1\"><b>Santosa S<\/b>, Jones PJH.\u00a0 Health benefits of consumption of fish oil omega-3 fatty acids.\u00a0 International Journal of Naturopathic Medicine.\u00a0 2006.<\/span><\/p>\n<p class=\"p1\"><span class=\"s1\">27.<\/span><span class=\"s2\">\u00a0\u00a0 <\/span><span class=\"s1\"><b>Santosa S<\/b>, Jones PJH.\u00a0 Oxidative stress in ocular disease: does lutein play a protective role?. Canadian Medical Association Journal. 2005:173;861-862.<\/span><\/p>\n<p class=\"p1\"><span class=\"s1\">28.<\/span><span class=\"s2\">\u00a0\u00a0 <\/span><span class=\"s1\"><b>Santosa S<\/b>, Farnworth E, Jones PJH.\u00a0 Probiotics:\u00a0 Health benefits to the gut. International Journal of Naturopathic Medicine. 2004.<\/span><\/p>\n<p class=\"p1\"><span class=\"s1\">29.<\/span><span class=\"s2\">\u00a0\u00a0 <\/span><span class=\"s1\"><b>Santosa S<\/b>, AbuMweis S, Jones PJH.\u00a0 Plant sterols:\u00a0 Evidence to support a health claim. International Journal of Naturopathic Medicine.\u00a0 2004.<\/span><\/p>\n                    <\/div>\r\n\r\n                    <div class='icons '>\r\n\r\n                        <a href=mailto:s.santosa@concordia.ca><img src=\"https:\/\/foodstudies.concordia.ca\/wp-content\/plugins\/our-team-enhanced\/inc\/img\/email.png\" class=\"sc-social\"\/><\/a>\r\n                    <\/div>\r\n\r\n                    <div class=\"sc_team_member_overlay\"><\/div>\r\n                    <div class=\"sc_team_more\">\r\n                        <a href=\"https:\/\/foodstudies.concordia.ca\/?team_member=sylvia-santosa\" rel=\"bookmark\" class=\"\"> \r\n                            <img src=\"https:\/\/foodstudies.concordia.ca\/wp-content\/plugins\/our-team-enhanced\/inc\/img\/more.png\"\/>\r\n                        <\/a>\r\n                    <\/div>\r\n                <\/div>\r\n\r\n            <\/div>\r\n                        <div itemscope itemtype=\"http:\/\/schema.org\/Person\" class=\"sc_team_member\">\r\n                <div class=\"sc_team_member_inner\">\r\n\r\n                    <img width=\"573\" height=\"493\" src=\"https:\/\/foodstudies.concordia.ca\/wp-content\/uploads\/Screen-Shot-2016-10-26-at-5.50.02-PM.png\" class=\"attachment-medium size-medium wp-post-image\" alt=\"\" loading=\"lazy\" \/>\r\n                                            <div itemprop=\"name\" class=\"sc_team_member_name\">\r\n                            <a href=\"https:\/\/foodstudies.concordia.ca\/?team_member=satoshi-ikeda\" rel=\"bookmark\" >                            \r\n                                Satoshi Ikeda                            <\/a>\r\n                        <\/div>\r\n                    \r\n                                            <div itemprop=\"jobtitle\" class=\"sc_team_member_jobtitle\">\r\n                            Group member                        <\/div>\r\n                    \r\n                    <div class=\"sc_team_content\">\r\n                        <p>Associate Professor, Sociology and Anthropology<\/p>\n<p>Dr. Ikeda studies the political sociology of global futures, sustainable agriculture, and Japan and East Asia using the method of Polanyi-Hopkins historical sociology informed by the world-system perspective. Development and international economics inform his study on the global structure of accumulation and governance. His study seeks alternatives to neoliberal globalization that are sustainable ecologically, socially, and economically.<\/p>\n<p>Together with a group of like-minded students, Dr. Ikeda is engaging in the Transition Project. This projects looks into the social economies as possible alternatives to the dysfunctional and unsustainable corporate economy. Those who initiated and practice social economies are video interviewed to reveal their \u2018transition moments\u2019 from individualistic and materialistic mentality to collective and sustainable mindset. The project team is working to create video clips to share inspiring stories of \u2018transition\u2019 for wider public.<\/p>\n<p class=\"p1\"><span class=\"s1\">He tells us &#8220;My area of interest is creating post-corporate futures with social economy particularly in food-related areas.&#8221;<\/span><\/p>\n                    <\/div>\r\n\r\n                    <div class='icons '>\r\n\r\n                        <a href=mailto:satoshi.ikeda@concordia.ca><img src=\"https:\/\/foodstudies.concordia.ca\/wp-content\/plugins\/our-team-enhanced\/inc\/img\/email.png\" class=\"sc-social\"\/><\/a>\r\n                    <\/div>\r\n\r\n                    <div class=\"sc_team_member_overlay\"><\/div>\r\n                    <div class=\"sc_team_more\">\r\n                        <a href=\"https:\/\/foodstudies.concordia.ca\/?team_member=satoshi-ikeda\" rel=\"bookmark\" class=\"\"> \r\n                            <img src=\"https:\/\/foodstudies.concordia.ca\/wp-content\/plugins\/our-team-enhanced\/inc\/img\/more.png\"\/>\r\n                        <\/a>\r\n                    <\/div>\r\n                <\/div>\r\n\r\n            <\/div>\r\n                        <div itemscope itemtype=\"http:\/\/schema.org\/Person\" class=\"sc_team_member\">\r\n                <div class=\"sc_team_member_inner\">\r\n\r\n                    <img width=\"667\" height=\"1000\" src=\"https:\/\/foodstudies.concordia.ca\/wp-content\/uploads\/Liz-copy-667x1000.jpg\" class=\"attachment-medium size-medium wp-post-image\" alt=\"\" loading=\"lazy\" srcset=\"https:\/\/foodstudies.concordia.ca\/wp-content\/uploads\/Liz-copy-667x1000.jpg 667w, https:\/\/foodstudies.concordia.ca\/wp-content\/uploads\/Liz-copy-768x1152.jpg 768w, https:\/\/foodstudies.concordia.ca\/wp-content\/uploads\/Liz-copy.jpg 1152w\" sizes=\"(max-width: 667px) 100vw, 667px\" \/>\r\n                                            <div itemprop=\"name\" class=\"sc_team_member_name\">\r\n                            <a href=\"https:\/\/foodstudies.concordia.ca\/?team_member=liz-miller\" rel=\"bookmark\" >                            \r\n                                Liz Miller                            <\/a>\r\n                        <\/div>\r\n                    \r\n                                            <div itemprop=\"jobtitle\" class=\"sc_team_member_jobtitle\">\r\n                            Group member                        <\/div>\r\n                    \r\n                    <div class=\"sc_team_content\">\r\n                        <p>Professor, Communication Studies<\/p>\n<p class=\"p1\"><b><\/b><span class=\"s1\">As a documentary maker and educator I am interested in the combined power of media and food to instigate creative encounters<b>. <\/b>For the last fifteen years I have been making films about environmental justice that address issues including water privatization, sea-level rise, and climate migration. <\/span><\/p>\n<p class=\"p1\"><em><span class=\"s1\">A recipe for a signature dish made by you:\u00a0<\/span><\/em><span class=\"s1\"><strong>Morning shot before class<br \/>\n<\/strong><\/span><span class=\"s1\">Fresh Lemon, Tumeric, ginger, apple cider, cucumber or kale<\/span><\/p>\n<p class=\"p1\"><a href=\"http:\/\/foodstudies.concordia.ca\/wp-content\/uploads\/IMG_9969.jpg\"><img loading=\"lazy\" class=\"aligncenter wp-image-1596\" src=\"http:\/\/foodstudies.concordia.ca\/wp-content\/uploads\/IMG_9969-1000x750.jpg\" alt=\"img_9969\" width=\"500\" height=\"375\" srcset=\"https:\/\/foodstudies.concordia.ca\/wp-content\/uploads\/IMG_9969-1000x750.jpg 1000w, https:\/\/foodstudies.concordia.ca\/wp-content\/uploads\/IMG_9969-768x576.jpg 768w\" sizes=\"(max-width: 500px) 100vw, 500px\" \/><\/a><\/p>\n<p class=\"p1\"><em><span class=\"s1\">PUBLICATIONS FOR ELIZABETH MILLER:<\/span><\/em><\/p>\n<p class=\"p4\"><span class=\"s1\"><i>Co-authored book<\/i><\/span><\/p>\n<p class=\"p4\"><span class=\"s1\"><i> <\/i>High, Steve &amp; Miller, Liz &amp; Ted Little. <i>Going Public: Oral History, Documentary, and Theatre<\/i>. University of British Columbia Press<\/span><\/p>\n<p class=\"p4\"><span class=\"s1\"><i>Chapter <\/i>Miller, L. Rethinking Engagement: Community Media in an Age of Expanded Documentary, in <i>Going Public: Oral History, Documentary, and Theatre, <\/i>University of British Columbia Press (<i>in progress)<\/i><\/span><\/p>\n<p class=\"p4\"><span class=\"s1\"><i>Chapter <\/i>Miller, L. En la casa: A gendered oppositional strategy for feminist engagement, Palgrave,<i> in Going Public: Oral History, Documentary, and Theatre, <\/i>University of British Columbia Press<i> ( in progress).<\/i><\/span><\/p>\n<p class=\"p1\"><span class=\"s1\">Miller, L. and Marty Allor, Choreographies of Collaboration: Social Engagement in Interactive Documentaries, <i>Studies in Documentary Film<\/i>, <i>\u00a0Vol. 10, Issue 1, p. 53-70.<\/i><\/span><\/p>\n<p class=\"p5\"><i><\/i><span class=\"s1\"><i>Luchs, M. and Miller, E. (2015), Not so far away: a collaborative model of engaging refugee youth in the outreach of their digital stories. Area. doi:10.1111\/area.12165<\/i><\/span><\/p>\n<p class=\"p5\"><span class=\"s1\"><i>Chapter <\/i>Miller, L and Michele Luchs, (2015) \u201cOn Tour with Mapping Memories: Sharing Refugee Youth Stories in Montreal Classrooms.\u201d Beyond Testimony and Trauma: Oral History in the Aftermath of Mass Violence, University of British Columbia Press, , p. 235-253<\/span><\/p>\n<p class=\"p5\"><span class=\"s1\"><i>Chapter<\/i> Miller, L. (2013). \u201cGoing Places: Helping Youth with Refugee Experiences Take Their Stories Public.\u201d Oral History Off the Record: Toward an Ethnography of Practice, Anna Sheftel, Stacey Zembrzycki, eds. NY: Palgrave Macmillan, 2013, p. 113 -127.<\/span><\/p>\n<p class=\"p5\"><span class=\"s1\"><i>Chapter <\/i>Miller L. and Michele Luchs (2013). \u201cArrival Stories: Using Media to Create Connections in a Refugee Residence\u201d. Remembering Mass Violence: Oral History, New Media and Performance, Steven High, Edward Little and Thi Ry Duong (eds.), Toronto, University of Toronto Press, p. 184-200.<\/span><\/p>\n<p class=\"p5\"><span class=\"s1\"><i>Chapter <\/i>Miller, L. &amp; Michele Smith<i> <\/i>(2012 )\u201cDissemination and Ownership of Knowledge<i>\u201d in Handbook of Participatory Video<\/i> AltaMira Press, August, p. 331-348<\/span><\/p>\n<p class=\"p6\"><span class=\"s1\"><i>Journal <\/i>Miller, L. (2010) \u201cQueer is In the Eye of the Newcomer: Mapping Performances of Place\u201d <i>InTensions, Issue 4.0 Fall.<\/i> <\/span><\/p>\n<p class=\"p6\"><span class=\"s1\"><i>Chapter <\/i> Miller, L. (2009) <i>Filmmaker in Residence: The Digital Grandchild of Challenge for Change<\/i>. In Waugh, T. (Ed). <\/span><span class=\"s2\">Challenge For Change \/ Societe Nouvelle<\/span><span class=\"s1\"> (McGill University Press) p. 427-442.<\/span><\/p>\n<p class=\"p5\"><span class=\"s1\"><i>Journal <\/i>Miller, L.<span class=\"Apple-converted-space\">\u00a0 <\/span>\u201cBuilding Participation in the Outreach for \u201cThe Water Front\u201d film,\u201d <i>Journal of Canadian Studies, special edition, Sharing Authority: Community-University Collaboration in Oral History, Digital Storytelling, and Engaged Scholarship, <\/i>Vol. 43, No. 1, Winter,2009, p. 59-86.<\/span><\/p>\n<p class=\"p1\"><em><span class=\"s1\">WEB PRODUCTIONS:<\/span><\/em><\/p>\n<p class=\"p1\"><a href=\"http:\/\/redlizardmedia.com\/\">redlizardmedia.com<\/a><\/p>\n<p class=\"p2\"><span class=\"s2\"><a href=\"http:\/\/www.theshorelineproject.org\/\">http:\/\/www.theshorelineproject.org\/<\/a><\/span><\/p>\n<p class=\"p2\"><span class=\"s3\">\u00a0<a href=\"http:\/\/www.goingpublicproject.org\/\"><span class=\"s4\">http:\/\/www.goingpublicproject.org\/<\/span><\/a><\/span><\/p>\n<p class=\"p2\"><span class=\"s3\">\u00a0<a href=\"http:\/\/www.mappingmemories.ca\/\"><span class=\"s4\">http:\/\/www.mappingmemories.ca<\/span><\/a><\/span><\/p>\n<p class=\"p2\"><span class=\"s3\">\u00a0<a href=\"http:\/\/www.waterfrontmovie.com\/\"><span class=\"s4\">http:\/\/www.waterfrontmovie.com<\/span><\/a><\/span><\/p>\n                    <\/div>\r\n\r\n                    <div class='icons '>\r\n\r\n                        <a href=mailto:elizabeth.miller@sympatico.ca><img src=\"https:\/\/foodstudies.concordia.ca\/wp-content\/plugins\/our-team-enhanced\/inc\/img\/email.png\" class=\"sc-social\"\/><\/a>\r\n                    <\/div>\r\n\r\n                    <div class=\"sc_team_member_overlay\"><\/div>\r\n                    <div class=\"sc_team_more\">\r\n                        <a href=\"https:\/\/foodstudies.concordia.ca\/?team_member=liz-miller\" rel=\"bookmark\" class=\"\"> \r\n                            <img src=\"https:\/\/foodstudies.concordia.ca\/wp-content\/plugins\/our-team-enhanced\/inc\/img\/more.png\"\/>\r\n                        <\/a>\r\n                    <\/div>\r\n                <\/div>\r\n\r\n            <\/div>\r\n                        <div itemscope itemtype=\"http:\/\/schema.org\/Person\" class=\"sc_team_member\">\r\n                <div class=\"sc_team_member_inner\">\r\n\r\n                    <img width=\"1000\" height=\"1000\" src=\"https:\/\/foodstudies.concordia.ca\/wp-content\/uploads\/DavidWardphoto_20161207_chevriererik-6-1000x1000.jpg\" class=\"attachment-medium size-medium wp-post-image\" alt=\"\" loading=\"lazy\" srcset=\"https:\/\/foodstudies.concordia.ca\/wp-content\/uploads\/DavidWardphoto_20161207_chevriererik-6-1000x1000.jpg 1000w, https:\/\/foodstudies.concordia.ca\/wp-content\/uploads\/DavidWardphoto_20161207_chevriererik-6-768x768.jpg 768w\" sizes=\"(max-width: 1000px) 100vw, 1000px\" \/>\r\n                                            <div itemprop=\"name\" class=\"sc_team_member_name\">\r\n                            <a href=\"https:\/\/foodstudies.concordia.ca\/?team_member=erik-chevrier\" rel=\"bookmark\" >                            \r\n                                Erik Chevrier                            <\/a>\r\n                        <\/div>\r\n                    \r\n                                            <div itemprop=\"jobtitle\" class=\"sc_team_member_jobtitle\">\r\n                            Group member                        <\/div>\r\n                    \r\n                    <div class=\"sc_team_content\">\r\n                        <p>Part-Time Professor<\/p>\n<p class=\"p1\"><span class=\"s1\">My name is Erik Chevrier. I am an accomplished professor, researcher and social activist. I am a part-time professor at Concordia University and Dawson College. I am also pursuing a multidisciplinary PhD in Humanities via the Center for Interdisciplinary Studies in Society and Culture at Concordia University.<\/span><\/p>\n<p class=\"p1\"><span class=\"s1\">I am interested in facilitating the development of a cooperative, socially responsible, environmentally sustainable, sovereign and secure food system at Concordia University. My research is focused on the student-run food groups at Concordia because these groups are challenging the dominant ideology of how food is produced, processed and distributed. Concordia students are pioneers of \u2018alternative\u2019 food practices; they provide concrete examples of how to develop healthy food systems. I am building an online archive (www.concordiafoodgroups.ca) to preserve the institutional memory of these groups and to highlight the activities of the people who are leading the food movement at Concordia. <\/span><\/p>\n<p class=\"p1\"><span class=\"s1\"><b>Food Related Screenings and Presentations<\/b><\/span><\/p>\n<p class=\"p1\"><span class=\"s1\"><br \/>\n<i>Film Screenings:<\/i><\/span><\/p>\n<p>Short documentary <b>\u201cThe Hive\u201d<\/b> presented at Beyond capitalism? Toward<br \/>\neconomic self-determination of communities, Concordia University (2016).<\/p>\n<p><i>Presentations:<\/i><br \/>\n\u2022Chevrier E. (Host and Moderator) (2016) <b>Food Systems Panel: How the Food System Affects Everyone<\/b>, at Bite Me!, Concordia University.<br \/>\n\u2022Chevrier E. (Keynote Speaker) (2016) <b>Building a better food system at<br \/>\nConcordia University<\/b>, Presented at Concordia Transitions; Building a<br \/>\nFood-System for Students by Students from Farm to Plate , Concordia<br \/>\nUniversity.<br \/>\n\u2022Chevrier E. (Keynote Speaker) (2016) <b>The Food System at Concordia University<\/b>,<br \/>\nPresented at Bite Me!, Concordia University.<br \/>\n\u2022Chevrier E. (Guest Speaker) (2015) <b>History of the Food Movement at<br \/>\nConcordia University<\/b>, Presented at Concordia Transitions; Building a<br \/>\nFood-System for Students by Students from Farm to Plate , Concordia<br \/>\nUniversity.<br \/>\n\u2022Chevrier E. (Guest Speaker) (2015) <b>Building a Better Food System at<br \/>\nConcordia University<\/b>, Presented at Integrated; An Interdisciplinary,<br \/>\nUndergraduate Symposium\u00a0 on Sustainability in Higher Education,<br \/>\nConcordia University.<\/p>\n<p class=\"p1\"><span class=\"s1\">Visit Erik\u2019s website here: <a href=\"http:\/\/www.erikchevrier.ca\"><span class=\"s2\">www.erikchevrier.ca<\/span><\/a><br \/>\nVisit the Concordia Food Groups Archive here: <a href=\"http:\/\/www.concordiafoodgroups.ca\"><span class=\"s2\">www.concordiafoodgroups.ca<\/span><\/a><br \/>\nVisit the Edible Activism! project about the food groups at Dawson College here: <a href=\"http:\/\/www.dawsonfoodgroups.ca\"><span class=\"s2\">www.dawsonfoodgroups.ca<\/span><\/a><br \/>\n<\/span><\/p>\n                    <\/div>\r\n\r\n                    <div class='icons '>\r\n\r\n                        <a href=mailto:erik.chevrier@concordia.ca><img src=\"https:\/\/foodstudies.concordia.ca\/wp-content\/plugins\/our-team-enhanced\/inc\/img\/email.png\" class=\"sc-social\"\/><\/a>\r\n                    <\/div>\r\n\r\n                    <div class=\"sc_team_member_overlay\"><\/div>\r\n                    <div class=\"sc_team_more\">\r\n                        <a href=\"https:\/\/foodstudies.concordia.ca\/?team_member=erik-chevrier\" rel=\"bookmark\" class=\"\"> \r\n                            <img src=\"https:\/\/foodstudies.concordia.ca\/wp-content\/plugins\/our-team-enhanced\/inc\/img\/more.png\"\/>\r\n                        <\/a>\r\n                    <\/div>\r\n                <\/div>\r\n\r\n            <\/div>\r\n                        <div itemscope itemtype=\"http:\/\/schema.org\/Person\" class=\"sc_team_member\">\r\n                <div class=\"sc_team_member_inner\">\r\n\r\n                    <img width=\"720\" height=\"720\" src=\"https:\/\/foodstudies.concordia.ca\/wp-content\/uploads\/richman_kenneallyrhona.jpg\" class=\"attachment-medium size-medium wp-post-image\" alt=\"\" loading=\"lazy\" \/>\r\n                                            <div itemprop=\"name\" class=\"sc_team_member_name\">\r\n                            <a href=\"https:\/\/foodstudies.concordia.ca\/?team_member=rhona-richman-kenneally\" rel=\"bookmark\" >                            \r\n                                Rhona Richman Kenneally                            <\/a>\r\n                        <\/div>\r\n                    \r\n                                            <div itemprop=\"jobtitle\" class=\"sc_team_member_jobtitle\">\r\n                            Group member                        <\/div>\r\n                    \r\n                    <div class=\"sc_team_content\">\r\n                        <p>Professor, Design and Computation Arts<\/p>\n<p class=\"p1\"><span class=\"s1\">Rhona Richman Kenneally is a Professor and former Chair of the Department of Design and Computation Arts at Concordia, and a Fellow of the School of Canadian Irish Studies.\u00a0 She is also Editor of the <i>Canadian Journal of Irish Studies<\/i>.\u00a0 She has degrees in literature and Canadian social history, as well as a professional degree and PhD in architecture.\u00a0 She is the organizer of the Food Studies Research Team under the umbrella of the Centre for Interdisciplinary Studies in Society and Culture, and is a participating faculty member in both the Irish Studies and Food Studies Research Currents of the Individualized MA and PhD programs (INDI, formerly known as SIP). <\/span><\/p>\n<p class=\"p2\"><span class=\"s1\">Rhona\u2019s research brings together the domains of food studies, food design, sustainable design practice, and the architecture and design of the built environment, to explore food-related agency and performance. Her food-related lectures, publications, and teaching address several areas of investigation. Some explore the implications that remembered domestic \u201cfoodscapes\u201d of one\u2019s childhood have on subsequent food-related engagement, and have inspired design prototypes that implicate children more directly in daily home food practices. She has considered ways in which food has determined national and cultural affiliation in Canada and in Ireland. This work has also informed projects undertaken with her undergraduate and graduate students to engage with concepts of emotional, and \u201cspeculative\u201d design to promote ethical and enriching food experiences. She is writing a book, based on her SSHRC-funded research, that explores the impact of new food-related technologies (such as electrification) in mid-20th-century Irish domestic space. In addition, she is co-editing, with M\u00e1irt\u00edn Mac Con Iomaire (School of Culinary Arts and Food Technology,<b> <\/b>Dublin Institute of Technology) a special issue on Food Studies of the <i>Canadian Journal of Irish Studies<\/i>. She has recently served as a keynote speaker or given lectures or conference presentations in Canada, Ireland, Italy, Spain, and the US.<\/span><\/p>\n<p class=\"p1\"><span class=\"s1\">Rhona has organized and co-organized food studies conferences and symposia at Concordia, including, with Jordan LeBel (Dept. of Marketing, Concordia; Director of the Luc Beauregard Centre of Excellence in Communications Research), <i>Domestic Foodscapes: Towards Mindful Eating?<\/i>. She has obtained funding from the Centre for Interdisciplinary Studies in Society and Culture for a series of workshops and lectures entitled <i>Critical Food Studies<\/i>, co-organized with Norma Joseph (Religion) and Alan Nash (Geography, Planning, and Environment). These will be held through the 2016-2017 academic year.<\/span><\/p>\n<p class=\"p1\"><span class=\"s1\"><img loading=\"lazy\" class=\"aligncenter wp-image-1559\" src=\"http:\/\/foodstudies.concordia.ca\/wp-content\/uploads\/photo-for-website-wiB235DC-1-750x1000.jpg\" alt=\"photo-for-website-wib235dc-1\" width=\"450\" height=\"600\" srcset=\"https:\/\/foodstudies.concordia.ca\/wp-content\/uploads\/photo-for-website-wiB235DC-1-750x1000.jpg 750w, https:\/\/foodstudies.concordia.ca\/wp-content\/uploads\/photo-for-website-wiB235DC-1-768x1024.jpg 768w, https:\/\/foodstudies.concordia.ca\/wp-content\/uploads\/photo-for-website-wiB235DC-1.jpg 1667w\" sizes=\"(max-width: 450px) 100vw, 450px\" \/><\/span><\/p>\n<p class=\"p1\"><span class=\"s1\">Her food-related publications include:<\/span><\/p>\n<p class=\"p2\"><span class=\"s1\"> \u201cThe Elusive Landscape of History: Food and Empowerment in Sebastian Barry\u2019s \u2018Annie Dunne.\u2019\u201d In <i>\u201cTickling the Palate\u201d: Gastronomy in Irish Literature and Culture<\/i>, edited by M\u00e1irt\u00edn Mac Con Iomaire and Eamon Maher, 79\u201398. New York, NY: Peter Lang International Academic Publishers, 2014.<\/span><\/p>\n<p class=\"p2\"><span class=\"s1\"> \u201cTastes of Home in Mid-Twentieth-Century Ireland: Food, Design, and the Refrigerator.\u201d <i>Food and Foodways<\/i> 23 (2015): 1\u201324.<\/span><\/p>\n<p class=\"p2\"><span class=\"s1\"> \u201cTowards a New Domestic Architecture: Homes, Kitchens and Food in Rural Ireland during the Long 1950s.\u201d In <i>Food and Drink in Ireland<\/i>, edited by Elizabeth FitzPatrick and James Kelly, 325\u201347. Royal Irish Academy, 2015. <a href=\"http:\/\/www.jstor.org\/stable\/10.3318\/priac.2015.115.12\"><span class=\"s2\">http:\/\/www.jstor.org\/stable\/10.3318\/priac.2015.115.12<\/span><\/a>.<\/span><\/p>\n<p class=\"p2\"><span class=\"s1\">\u201cMemory as Food Performance: The Cookbooks of Maura Laverty.\u201d In <i>Ireland and Quebec: Multidisciplinary Perspectives on History, Culture and Society<\/i>, edited by Michael Kenneally and Margaret Kelleher, 166\u201382. Dublin: Four Courts Press, 2016.<\/span><\/p>\n<p class=\"p5\"><span class=\"s3\">\u201cMaura Laverty: Ireland\u2019s First Celebrity Chef Still Dishes up Food for Thought.\u201d <i>The Irish Times<\/i>, August 31, 2016. <a href=\"http:\/\/www.irishtimes.com\/culture\/books\/maura-laverty-ireland-s-first-celebrity-chef-still-dishes-up-food-for-thought-1.2774422\"><span class=\"s4\">http:\/\/www.irishtimes.com\/culture\/books\/maura-laverty-ireland-s-first-celebrity-chef-still-dishes-up-food-for-thought-1.2774422<\/span><\/a>.<\/span><\/p>\n<p class=\"p1\"><span class=\"s1\">The following is a recipe from Rhona, for a vegetarian dish that can be\u00a0<\/span><span class=\"s1\">served either as a main course or as a side dish.<br \/>\n<\/span><b>Potatoes Duncan:<\/b><\/p>\n<p class=\"p1\"><span class=\"s1\">This is a recipe that features fall and winter vegetables, which we treat as year-round staples. It is great on its own as a vegetarian dish, or as an accompaniment to meat, chicken, or fish that has a robust flavour, for example cod. The recipe was conceived to serve four as a side dish, or two as a main course. Read through the recipe ahead of time, so you have a sense of what it\u2019s asking you to do. And remember to keep the potato and carrot peelings for the compost bin!<\/span><\/p>\n<p class=\"p1\"><span class=\"s1\">The recipe\u2019s ingredients include smoked paprika, which is worth trying if you enjoy barbeque-ish rich smokiness. Smoked paprika is featured in Spanish cuisine and is available in both \u201csweet\u201d and \u201chot\u201d (which is indeed quite hot) varieties. It is generally easy to find in a spice store or international food store. A little goes a long way, so less is more until you determine how much you like. Use it in other dishes by rubbing it into the skin of a chicken along with salt and pepper before roasting, or in paella if you\u2019re feeling experimental. There are other recipes online that will inspire you. By the way, you can leave the smoked paprika out of the recipe and it will still taste good.<\/span><\/p>\n<p class=\"p1\"><span class=\"s1\">The recipe calls for a sturdy metal baking sheet or roasting pan, around 12 x 15 inches, with short sides (half an inch to an inch high, give or take; high enough to hold the mixture but not so high that it won\u2019t crisp properly). <\/span><\/p>\n<p class=\"p1\"><span class=\"s1\"><b>Ingredients:<\/b><\/span><\/p>\n<ul>\n<li class=\"li1\"><span class=\"s1\">4 medium-sized potatoes<\/span><\/li>\n<li class=\"li1\"><span class=\"s1\">1 small onion, about a 3-inch diameter<\/span><\/li>\n<li class=\"li1\"><span class=\"s1\">3 carrots<\/span><\/li>\n<li class=\"li1\"><span class=\"s1\">1 small clove garlic, chopped (leave out if you don\u2019t have it)<\/span><\/li>\n<li class=\"li1\"><span class=\"s1\">1 teaspoon salt<\/span><\/li>\n<li class=\"li1\"><span class=\"s1\">pepper to taste<\/span><\/li>\n<li class=\"li1\"><span class=\"s1\">3\/4 of a teaspoon smoked paprika, sweet or hot or a mixture of both, or to taste <\/span><\/li>\n<li class=\"li1\"><span class=\"s1\">2 tablespoons olive oil, plus about another tablespoon drizzled over the potatoes as indicated below <\/span><\/li>\n<\/ul>\n<p class=\"p1\"><span class=\"s1\"><b>Method:<\/b><\/span><\/p>\n<ol class=\"ol1\">\n<li class=\"li1\"><span class=\"s1\">Adjust your oven rack so that it is about halfway between the top and bottom of the oven. Preheat the oven to 400 degrees Fahrenheit.<\/span><\/li>\n<li class=\"li1\"><span class=\"s1\">Spread 2 tablespoons of olive oil evenly over the baking sheet.<\/span><\/li>\n<li class=\"li1\"><span class=\"s1\">Peel potatoes and grate them using a box grater. Be careful not to grate your fingers! <\/span><\/li>\n<li class=\"li1\"><span class=\"s1\"> Peel carrots and grate them on the box grater.<\/span><\/li>\n<li class=\"li1\"><span class=\"s1\"> Prepare the onion. Peel it, and cut it in half along the equator. Starting with the first onion half, place its flat side down on the cutting board. Keeping the fingers of the hand holding the onion, well out of the way of the knife, begin cutting as thin as possible (1\/8 inch) parallel slices across the onion\u2019s hemisphere from one edge to the other (when you get close to the second edge, rotate the uncut remainder so the largest flat surface is touching the cutting board\u2014that will help stabilize things so you can continue to cut thin slices). Repeat with the other onion half. Separate the layers of onions with your fingers so you have thin curved strips.\u00a0<\/span><\/li>\n<li class=\"li1\"><span class=\"s1\"> Mix together the potatoes, carrots, onions, garlic, salt and pepper in a bowl. Let sit for 5 minutes. Then, a handful at a time, squeeze the mix between the palms of your hands, over another bowl, to eliminate as much moisture as possible. Pretend you are making a snowball, squeezing so that it\u2019s as dense as possible. Save any liquid that drips into the bowl, to use to make soup.<\/span><\/li>\n<li class=\"li1\"><span class=\"s1\"> Evenly distribute the squeezed-out mixture over a clean cotton or linen tea-towel (or unbleached paper towel if you must; can be composted afterward), and try to remove as much remaining moisture as possible by dabbing or rolling. Be careful not to shred the paper towel into the potato mixture if you\u2019re using paper. Gently gather and pile the potato mixture into a mound so you\u2019re ready for the next step. <\/span><\/li>\n<li class=\"li1\"><span class=\"s1\"> When the oven reaches 400 degrees, spread the mixture evenly over the baking sheet, pressing down a bit but leaving the mixture quite loose. The thinner you spread it, the crispier it will be. Sprinkle the paprika evenly over the top, and then, placing your thumb to partly cover the opening of the bottle of olive oil (to restrict the flow to a trickle), wave the bottle over the potato mixture from one end to the other, to scatter about a tablespoon of oil evenly over it.<\/span><\/li>\n<li class=\"li1\"><span class=\"s1\"> Place in oven and bake. The goal is to have the top crispy and brown, and the potatoes and carrots cooked through. The thinner the layer, the faster it will cook. Start checking after about 10 minutes, but it will more likely take 15-20 minutes until the dish is ready.\u00a0<\/span><\/li>\n<\/ol>\n<p class=\"p5\"><span class=\"s3\">\u00a0<\/span><\/p>\n                    <\/div>\r\n\r\n                    <div class='icons '>\r\n\r\n                        <a href=mailto:rrk@concordia.ca><img src=\"https:\/\/foodstudies.concordia.ca\/wp-content\/plugins\/our-team-enhanced\/inc\/img\/email.png\" class=\"sc-social\"\/><\/a>\r\n                    <\/div>\r\n\r\n                    <div class=\"sc_team_member_overlay\"><\/div>\r\n                    <div class=\"sc_team_more\">\r\n                        <a href=\"https:\/\/foodstudies.concordia.ca\/?team_member=rhona-richman-kenneally\" rel=\"bookmark\" class=\"\"> \r\n                            <img src=\"https:\/\/foodstudies.concordia.ca\/wp-content\/plugins\/our-team-enhanced\/inc\/img\/more.png\"\/>\r\n                        <\/a>\r\n                    <\/div>\r\n                <\/div>\r\n\r\n            <\/div>\r\n                        <div itemscope itemtype=\"http:\/\/schema.org\/Person\" class=\"sc_team_member\">\r\n                <div class=\"sc_team_member_inner\">\r\n\r\n                    <img width=\"303\" height=\"199\" src=\"https:\/\/foodstudies.concordia.ca\/wp-content\/uploads\/file-1.jpeg\" class=\"attachment-medium size-medium wp-post-image\" alt=\"\" loading=\"lazy\" \/>\r\n                                            <div itemprop=\"name\" class=\"sc_team_member_name\">\r\n                            <a href=\"https:\/\/foodstudies.concordia.ca\/?team_member=christine-jourdan\" rel=\"bookmark\" >                            \r\n                                Christine Jourdan                            <\/a>\r\n                        <\/div>\r\n                    \r\n                                            <div itemprop=\"jobtitle\" class=\"sc_team_member_jobtitle\">\r\n                            Group member                        <\/div>\r\n                    \r\n                    <div class=\"sc_team_content\">\r\n                        <p>Professor, Sociology and Anthropology<\/p>\n<p>Christine Jourdan received her Ph.D. in Linguistics and Anthropology in 1987 from the Research School of Pacific Studies at the Australian National University and joined Concordia in 1991. Her work focuses on theories of cultural and social change, on the pidginization and creolization of languages, on the linguistic representation of cultural knowledge and practice, on language ideology and on changing food practices in Qu\u00e9bec and in the Pacific. She has published books and articles on Solomon Islands Pijin, urbanization in the Pacific, and socio-cultural creolization. She is the author of two books, the co-editor of Language, Culture and Society (<em>Cambridge University Press<\/em>) and 4 scholarly anthologies, has published articles in English and French in journals such as\u00a0<em>Language in Society, Journal de la Soci\u00e9t\u00e9 des Oc\u00e9anistes, Annual Review of Anthropology, Anthropologie et Soci\u00e9t\u00e9s, Culture<\/em>\u00a0as well as in many book collections<em>.\u00a0<\/em>She is currently writing a book on the anthropology of pidgin and creole languages (<em>Cambridge University Press<\/em>) and researching a book on the transformations of food practices and ideologies in Quebec.<\/p>\n                    <\/div>\r\n\r\n                    <div class='icons '>\r\n\r\n                        \r\n                    <\/div>\r\n\r\n                    <div class=\"sc_team_member_overlay\"><\/div>\r\n                    <div class=\"sc_team_more\">\r\n                        <a href=\"https:\/\/foodstudies.concordia.ca\/?team_member=christine-jourdan\" rel=\"bookmark\" class=\"\"> \r\n                            <img src=\"https:\/\/foodstudies.concordia.ca\/wp-content\/plugins\/our-team-enhanced\/inc\/img\/more.png\"\/>\r\n                        <\/a>\r\n                    <\/div>\r\n                <\/div>\r\n\r\n            <\/div>\r\n                        <div itemscope itemtype=\"http:\/\/schema.org\/Person\" class=\"sc_team_member\">\r\n                <div class=\"sc_team_member_inner\">\r\n\r\n                    <img width=\"300\" height=\"300\" src=\"https:\/\/foodstudies.concordia.ca\/wp-content\/uploads\/Kenefick.jpeg\" class=\"attachment-medium size-medium wp-post-image\" alt=\"\" loading=\"lazy\" \/>\r\n                                            <div itemprop=\"name\" class=\"sc_team_member_name\">\r\n                            <a href=\"https:\/\/foodstudies.concordia.ca\/?team_member=ali-kenefick\" rel=\"bookmark\" >                            \r\n                                Ali Kenefick                            <\/a>\r\n                        <\/div>\r\n                    \r\n                                            <div itemprop=\"jobtitle\" class=\"sc_team_member_jobtitle\">\r\n                            Group member                        <\/div>\r\n                    \r\n                    <div class=\"sc_team_content\">\r\n                        <p>INDI PhD Candidate<\/p>\n<p><b>Alexandra Kenefick<\/b>\u00a0is an INDI PhD candidate whose work challenges patriarchal paradigms in design by establishing a feminist, more-than-human approach to making-with diverse voices, perspectives, species, and praxes. Making\/Meat\/Matter uses such an approach to expose inequities found in contemporary animal production\/consumption systems by prodding at the tangled and messy relationships humans contend with meat consumption. By recognizing the intimate subtleties, personal narratives, and situated experiences that further one\u2019s decisions to eat or not to eat other animals as salient qualities toward mindful consumption patterns, her work explores how individual consumers can become capable of response, and agents in the collective redesigning of destructive systems and their embedded injustices.<\/p>\n                    <\/div>\r\n\r\n                    <div class='icons '>\r\n\r\n                        \r\n                    <\/div>\r\n\r\n                    <div class=\"sc_team_member_overlay\"><\/div>\r\n                    <div class=\"sc_team_more\">\r\n                        <a href=\"https:\/\/foodstudies.concordia.ca\/?team_member=ali-kenefick\" rel=\"bookmark\" class=\"\"> \r\n                            <img src=\"https:\/\/foodstudies.concordia.ca\/wp-content\/plugins\/our-team-enhanced\/inc\/img\/more.png\"\/>\r\n                        <\/a>\r\n                    <\/div>\r\n                <\/div>\r\n\r\n            <\/div>\r\n                        <div itemscope itemtype=\"http:\/\/schema.org\/Person\" class=\"sc_team_member\">\r\n                <div class=\"sc_team_member_inner\">\r\n\r\n                    <img width=\"564\" height=\"480\" src=\"https:\/\/foodstudies.concordia.ca\/wp-content\/uploads\/arms.crossed.jpeg\" class=\"attachment-medium size-medium wp-post-image\" alt=\"\" loading=\"lazy\" \/>\r\n                                            <div itemprop=\"name\" class=\"sc_team_member_name\">\r\n                            <a href=\"https:\/\/foodstudies.concordia.ca\/?team_member=pamela-tudge\" rel=\"bookmark\" >                            \r\n                                Pamela Tudge                            <\/a>\r\n                        <\/div>\r\n                    \r\n                                            <div itemprop=\"jobtitle\" class=\"sc_team_member_jobtitle\">\r\n                            Group member                        <\/div>\r\n                    \r\n                    <div class=\"sc_team_content\">\r\n                        <p>PhD Student, INDI Program<\/p>\n<p>Pamela Tudge is a PhD student in Concordia University&#8217;s Individualized Program, an adjunct professor in the faculty of Fine Arts, and an active member of Milieux Institute for Arts, Culture and Technology. Pamela\u2019s research areas include design activism, new media art and history with food-based social movements as a thread that runs through these disciplines. Her current research employs material- and media-based practices to explore understandings of domestic food practices and space, which investigate different interpretations of between food and waste creation. She has done work in the areas of food studies, geographic information systems, environmental science, new media, and social movements. Pamela has an interdisciplinary MA from the University of British Columbia and a BA in geography and environmental studies from the University of Victoria.<\/p>\n<p>She teaches We Are What We Eat, a food and culture course that examines contemporary food practices through research-creation\u2013style projects. The course, takes an interdisciplinary approach to understanding food creation and consumption, including the arts practices of design, performance art, architecture and media art history. Students have the opportunity to create food dishes from food studies topics and creatively write, draw or make media on the weekly questions.<\/p>\n                    <\/div>\r\n\r\n                    <div class='icons '>\r\n\r\n                        <a href=mailto:ptudge@gmail.com><img src=\"https:\/\/foodstudies.concordia.ca\/wp-content\/plugins\/our-team-enhanced\/inc\/img\/email.png\" class=\"sc-social\"\/><\/a>\r\n                    <\/div>\r\n\r\n                    <div class=\"sc_team_member_overlay\"><\/div>\r\n                    <div class=\"sc_team_more\">\r\n                        <a href=\"https:\/\/foodstudies.concordia.ca\/?team_member=pamela-tudge\" rel=\"bookmark\" class=\"\"> \r\n                            <img src=\"https:\/\/foodstudies.concordia.ca\/wp-content\/plugins\/our-team-enhanced\/inc\/img\/more.png\"\/>\r\n                        <\/a>\r\n                    <\/div>\r\n                <\/div>\r\n\r\n            <\/div>\r\n                <div class=\"clear\"><\/div>\r\n<\/div>\r\n\n","protected":false},"excerpt":{"rendered":"<p>The Concordia Food Studies community includes faculty members, as well as a number of graduate students, spanning the faculties of Arts and Sciences, Fine Arts, Computer Science and Engineering, and the John Molson School of Business. Meet Concordia\u2019s Food Studies People!\u00a0 Click on the + sign on the professors&#8217; photos to see their profiles.\u00a0 &nbsp;<\/p>\n","protected":false},"author":1,"featured_media":1359,"parent":0,"menu_order":0,"comment_status":"closed","ping_status":"closed","template":"","meta":[],"_links":{"self":[{"href":"https:\/\/foodstudies.concordia.ca\/index.php?rest_route=\/wp\/v2\/pages\/1098"}],"collection":[{"href":"https:\/\/foodstudies.concordia.ca\/index.php?rest_route=\/wp\/v2\/pages"}],"about":[{"href":"https:\/\/foodstudies.concordia.ca\/index.php?rest_route=\/wp\/v2\/types\/page"}],"author":[{"embeddable":true,"href":"https:\/\/foodstudies.concordia.ca\/index.php?rest_route=\/wp\/v2\/users\/1"}],"replies":[{"embeddable":true,"href":"https:\/\/foodstudies.concordia.ca\/index.php?rest_route=%2Fwp%2Fv2%2Fcomments&post=1098"}],"version-history":[{"count":24,"href":"https:\/\/foodstudies.concordia.ca\/index.php?rest_route=\/wp\/v2\/pages\/1098\/revisions"}],"predecessor-version":[{"id":1774,"href":"https:\/\/foodstudies.concordia.ca\/index.php?rest_route=\/wp\/v2\/pages\/1098\/revisions\/1774"}],"wp:featuredmedia":[{"embeddable":true,"href":"https:\/\/foodstudies.concordia.ca\/index.php?rest_route=\/wp\/v2\/media\/1359"}],"wp:attachment":[{"href":"https:\/\/foodstudies.concordia.ca\/index.php?rest_route=%2Fwp%2Fv2%2Fmedia&parent=1098"}],"curies":[{"name":"wp","href":"https:\/\/api.w.org\/{rel}","templated":true}]}}